{"id":235,"date":"2021-07-28T10:24:44","date_gmt":"2021-07-28T10:24:44","guid":{"rendered":"https:\/\/oficit.com\/blog\/?page_id=235"},"modified":"2021-08-30T09:18:56","modified_gmt":"2021-08-30T09:18:56","slug":"consejos-para-la-oficina","status":"publish","type":"page","link":"https:\/\/oficit.com\/blog\/consejos-para-la-oficina\/","title":{"rendered":"Consejos para la oficina"},"content":{"rendered":"<ul class=\"wp-block-latest-posts__list is-grid columns-2 wp-block-latest-posts\"><li><div class=\"wp-block-latest-posts__featured-image aligncenter\"><a href=\"https:\/\/oficit.com\/blog\/2022\/12\/13\/como-organizar-tu-oficina-para-el-ano-nuevo\/\" aria-label=\"C\u00f3mo organizar tu oficina para el a\u00f1o nuevo\"><img loading=\"lazy\" decoding=\"async\" width=\"780\" height=\"372\" src=\"https:\/\/oficit.com\/blog\/wp-content\/uploads\/2022\/12\/contemporary-room-workplace-office-supplies-concept.jpg\" class=\"attachment-large size-large wp-post-image\" alt=\"Oficina ordenada y limpia\" style=\"\" srcset=\"https:\/\/oficit.com\/blog\/wp-content\/uploads\/2022\/12\/contemporary-room-workplace-office-supplies-concept.jpg 780w, https:\/\/oficit.com\/blog\/wp-content\/uploads\/2022\/12\/contemporary-room-workplace-office-supplies-concept-300x143.jpg 300w, https:\/\/oficit.com\/blog\/wp-content\/uploads\/2022\/12\/contemporary-room-workplace-office-supplies-concept-768x366.jpg 768w\" sizes=\"auto, (max-width: 780px) 100vw, 780px\" title=\"\"><\/a><\/div><a class=\"wp-block-latest-posts__post-title\" href=\"https:\/\/oficit.com\/blog\/2022\/12\/13\/como-organizar-tu-oficina-para-el-ano-nuevo\/\">C\u00f3mo organizar tu oficina para el a\u00f1o nuevo<\/a><div class=\"wp-block-latest-posts__post-excerpt\">El a\u00f1o nuevo es un buen momento para organizar y despejar la oficina. Se trata de uno de esos posibles prop\u00f3sitos que nos inundan la cabeza en los \u00faltimos d\u00edas del a\u00f1o. A &#8230; <a title=\"C\u00f3mo organizar tu oficina para el a\u00f1o nuevo\" class=\"read-more\" href=\"https:\/\/oficit.com\/blog\/2022\/12\/13\/como-organizar-tu-oficina-para-el-ano-nuevo\/\" aria-label=\"M\u00e1s en C\u00f3mo organizar tu oficina para el a\u00f1o nuevo\">Leer m\u00e1s<\/a><\/div><\/li>\n<li><div class=\"wp-block-latest-posts__featured-image aligncenter\"><a href=\"https:\/\/oficit.com\/blog\/2022\/11\/14\/como-elegir-el-mejor-sofa-para-la-oficina\/\" aria-label=\"C\u00f3mo elegir el mejor sof\u00e1 para la oficina\"><img loading=\"lazy\" decoding=\"async\" width=\"780\" height=\"372\" src=\"https:\/\/oficit.com\/blog\/wp-content\/uploads\/2022\/11\/como-elegir-tu-sofa-de-oficina.jpg\" class=\"attachment-large size-large wp-post-image\" alt=\"como elegir tu sofa de oficina\" style=\"\" srcset=\"https:\/\/oficit.com\/blog\/wp-content\/uploads\/2022\/11\/como-elegir-tu-sofa-de-oficina.jpg 780w, https:\/\/oficit.com\/blog\/wp-content\/uploads\/2022\/11\/como-elegir-tu-sofa-de-oficina-300x143.jpg 300w, https:\/\/oficit.com\/blog\/wp-content\/uploads\/2022\/11\/como-elegir-tu-sofa-de-oficina-768x366.jpg 768w\" sizes=\"auto, (max-width: 780px) 100vw, 780px\" title=\"\"><\/a><\/div><a class=\"wp-block-latest-posts__post-title\" href=\"https:\/\/oficit.com\/blog\/2022\/11\/14\/como-elegir-el-mejor-sofa-para-la-oficina\/\">C\u00f3mo elegir el mejor sof\u00e1 para la oficina<\/a><div class=\"wp-block-latest-posts__post-excerpt\">El sof\u00e1 es uno de los muebles m\u00e1s importantes de cualquier oficina. Tiene que ser lo suficientemente c\u00f3modo para que los empleados se tomen un descanso, pero tambi\u00e9n lo suficientemente elegante para causar &#8230; <a title=\"C\u00f3mo elegir el mejor sof\u00e1 para la oficina\" class=\"read-more\" href=\"https:\/\/oficit.com\/blog\/2022\/11\/14\/como-elegir-el-mejor-sofa-para-la-oficina\/\" aria-label=\"M\u00e1s en C\u00f3mo elegir el mejor sof\u00e1 para la oficina\">Leer m\u00e1s<\/a><\/div><\/li>\n<li><div class=\"wp-block-latest-posts__featured-image aligncenter\"><a href=\"https:\/\/oficit.com\/blog\/2022\/10\/19\/que-muebles-no-pueden-faltar-en-mi-recepcion\/\" aria-label=\"\u00bfQu\u00e9 muebles no pueden faltar en mi recepci\u00f3n?\"><img loading=\"lazy\" decoding=\"async\" width=\"780\" height=\"372\" src=\"https:\/\/oficit.com\/blog\/wp-content\/uploads\/2022\/10\/Muebles-para-recepcion.jpg\" class=\"attachment-large size-large wp-post-image\" alt=\"muebles para recepcion\" style=\"\" srcset=\"https:\/\/oficit.com\/blog\/wp-content\/uploads\/2022\/10\/Muebles-para-recepcion.jpg 780w, https:\/\/oficit.com\/blog\/wp-content\/uploads\/2022\/10\/Muebles-para-recepcion-300x143.jpg 300w, https:\/\/oficit.com\/blog\/wp-content\/uploads\/2022\/10\/Muebles-para-recepcion-768x366.jpg 768w\" sizes=\"auto, (max-width: 780px) 100vw, 780px\" title=\"\"><\/a><\/div><a class=\"wp-block-latest-posts__post-title\" href=\"https:\/\/oficit.com\/blog\/2022\/10\/19\/que-muebles-no-pueden-faltar-en-mi-recepcion\/\">\u00bfQu\u00e9 muebles no pueden faltar en mi recepci\u00f3n?<\/a><div class=\"wp-block-latest-posts__post-excerpt\">El mobiliario de la recepci\u00f3n es muy importante para crear el ambiente adecuado, siendo el primer lugar que ve un cliente\/invitado al entrar a nuestra oficina. Tiene que ser profesional y elegante, pero &#8230; <a title=\"\u00bfQu\u00e9 muebles no pueden faltar en mi recepci\u00f3n?\" class=\"read-more\" href=\"https:\/\/oficit.com\/blog\/2022\/10\/19\/que-muebles-no-pueden-faltar-en-mi-recepcion\/\" aria-label=\"M\u00e1s en \u00bfQu\u00e9 muebles no pueden faltar en mi recepci\u00f3n?\">Leer m\u00e1s<\/a><\/div><\/li>\n<li><div class=\"wp-block-latest-posts__featured-image aligncenter\"><a href=\"https:\/\/oficit.com\/blog\/2022\/09\/15\/como-decorar-una-oficina-minimalista\/\" aria-label=\"C\u00f3mo decorar una oficina minimalista\"><img loading=\"lazy\" decoding=\"async\" width=\"780\" height=\"372\" src=\"https:\/\/oficit.com\/blog\/wp-content\/uploads\/2022\/09\/como-decorar-una-oficina-minimalista-1.jpg\" class=\"attachment-large size-large wp-post-image\" alt=\"\" style=\"\" srcset=\"https:\/\/oficit.com\/blog\/wp-content\/uploads\/2022\/09\/como-decorar-una-oficina-minimalista-1.jpg 780w, https:\/\/oficit.com\/blog\/wp-content\/uploads\/2022\/09\/como-decorar-una-oficina-minimalista-1-300x143.jpg 300w, https:\/\/oficit.com\/blog\/wp-content\/uploads\/2022\/09\/como-decorar-una-oficina-minimalista-1-768x366.jpg 768w\" sizes=\"auto, (max-width: 780px) 100vw, 780px\" title=\"\"><\/a><\/div><a class=\"wp-block-latest-posts__post-title\" href=\"https:\/\/oficit.com\/blog\/2022\/09\/15\/como-decorar-una-oficina-minimalista\/\">C\u00f3mo decorar una oficina minimalista<\/a><div class=\"wp-block-latest-posts__post-excerpt\">En este post hablaremos sobre c\u00f3mo decorar tu oficina con un estilo minimalista. Veremos qu\u00e9 tipo de muebles y accesorios puedes utilizar para conseguir esta gran tendencia en decoraci\u00f3n de oficina. En primer &#8230; <a title=\"C\u00f3mo decorar una oficina minimalista\" class=\"read-more\" href=\"https:\/\/oficit.com\/blog\/2022\/09\/15\/como-decorar-una-oficina-minimalista\/\" aria-label=\"M\u00e1s en C\u00f3mo decorar una oficina minimalista\">Leer m\u00e1s<\/a><\/div><\/li>\n<li><div class=\"wp-block-latest-posts__featured-image aligncenter\"><a href=\"https:\/\/oficit.com\/blog\/2022\/08\/05\/como-conseguir-un-espacio-de-trabajo-ergonomico\/\" aria-label=\"C\u00f3mo conseguir un espacio de trabajo ergon\u00f3mico\"><img loading=\"lazy\" decoding=\"async\" width=\"780\" height=\"372\" src=\"https:\/\/oficit.com\/blog\/wp-content\/uploads\/2022\/08\/blog-oficina-ergonomica.jpg\" class=\"attachment-large size-large wp-post-image\" alt=\"\" style=\"\" srcset=\"https:\/\/oficit.com\/blog\/wp-content\/uploads\/2022\/08\/blog-oficina-ergonomica.jpg 780w, https:\/\/oficit.com\/blog\/wp-content\/uploads\/2022\/08\/blog-oficina-ergonomica-300x143.jpg 300w, https:\/\/oficit.com\/blog\/wp-content\/uploads\/2022\/08\/blog-oficina-ergonomica-768x366.jpg 768w\" sizes=\"auto, (max-width: 780px) 100vw, 780px\" title=\"\"><\/a><\/div><a class=\"wp-block-latest-posts__post-title\" href=\"https:\/\/oficit.com\/blog\/2022\/08\/05\/como-conseguir-un-espacio-de-trabajo-ergonomico\/\">C\u00f3mo conseguir un espacio de trabajo ergon\u00f3mico<\/a><div class=\"wp-block-latest-posts__post-excerpt\">Si trabajas en un escritorio todo el d\u00eda, es importante tener un espacio de trabajo ergon\u00f3mico. Ser precavidos y cuidadosos en este tema nos ayudar\u00e1 a mantener una buena salud de nuestra espalda. &#8230; <a title=\"C\u00f3mo conseguir un espacio de trabajo ergon\u00f3mico\" class=\"read-more\" href=\"https:\/\/oficit.com\/blog\/2022\/08\/05\/como-conseguir-un-espacio-de-trabajo-ergonomico\/\" aria-label=\"M\u00e1s en C\u00f3mo conseguir un espacio de trabajo ergon\u00f3mico\">Leer m\u00e1s<\/a><\/div><\/li>\n<li><div class=\"wp-block-latest-posts__featured-image aligncenter\"><a href=\"https:\/\/oficit.com\/blog\/2022\/05\/24\/teletrabajo-tu-oficina-en-casa\/\" aria-label=\"Teletrabajo: Tu oficina en casa\"><img loading=\"lazy\" decoding=\"async\" width=\"780\" height=\"373\" src=\"https:\/\/oficit.com\/blog\/wp-content\/uploads\/2022\/05\/Sin-titulo-1.png\" class=\"attachment-large size-large wp-post-image\" alt=\"\" style=\"\" srcset=\"https:\/\/oficit.com\/blog\/wp-content\/uploads\/2022\/05\/Sin-titulo-1.png 780w, https:\/\/oficit.com\/blog\/wp-content\/uploads\/2022\/05\/Sin-titulo-1-300x143.png 300w, https:\/\/oficit.com\/blog\/wp-content\/uploads\/2022\/05\/Sin-titulo-1-768x367.png 768w\" sizes=\"auto, (max-width: 780px) 100vw, 780px\" title=\"\"><\/a><\/div><a class=\"wp-block-latest-posts__post-title\" href=\"https:\/\/oficit.com\/blog\/2022\/05\/24\/teletrabajo-tu-oficina-en-casa\/\">Teletrabajo: Tu oficina en casa<\/a><div class=\"wp-block-latest-posts__post-excerpt\">\u00bfC\u00f3mo montar nuestra oficina en casa? La situaci\u00f3n de la pandemia nos ha obligado a muchos de nosotros a realizar, en la medida de lo posible, el trabajo desde casa. Esto supone enfrentarse &#8230; <a title=\"Teletrabajo: Tu oficina en casa\" class=\"read-more\" href=\"https:\/\/oficit.com\/blog\/2022\/05\/24\/teletrabajo-tu-oficina-en-casa\/\" aria-label=\"M\u00e1s en Teletrabajo: Tu oficina en casa\">Leer m\u00e1s<\/a><\/div><\/li>\n<\/ul>","protected":false},"excerpt":{"rendered":"","protected":false},"author":2,"featured_media":0,"parent":0,"menu_order":0,"comment_status":"closed","ping_status":"closed","template":"","meta":{"footnotes":""},"class_list":["post-235","page","type-page","status-publish"],"_links":{"self":[{"href":"https:\/\/oficit.com\/blog\/wp-json\/wp\/v2\/pages\/235","targetHints":{"allow":["GET"]}}],"collection":[{"href":"https:\/\/oficit.com\/blog\/wp-json\/wp\/v2\/pages"}],"about":[{"href":"https:\/\/oficit.com\/blog\/wp-json\/wp\/v2\/types\/page"}],"author":[{"embeddable":true,"href":"https:\/\/oficit.com\/blog\/wp-json\/wp\/v2\/users\/2"}],"replies":[{"embeddable":true,"href":"https:\/\/oficit.com\/blog\/wp-json\/wp\/v2\/comments?post=235"}],"version-history":[{"count":6,"href":"https:\/\/oficit.com\/blog\/wp-json\/wp\/v2\/pages\/235\/revisions"}],"predecessor-version":[{"id":689,"href":"https:\/\/oficit.com\/blog\/wp-json\/wp\/v2\/pages\/235\/revisions\/689"}],"wp:attachment":[{"href":"https:\/\/oficit.com\/blog\/wp-json\/wp\/v2\/media?parent=235"}],"curies":[{"name":"wp","href":"https:\/\/api.w.org\/{rel}","templated":true}]}}